{"id":33,"date":"2020-05-18T15:46:46","date_gmt":"2020-05-18T13:46:46","guid":{"rendered":"http:\/\/ecolemu.cluster028.hosting.ovh.net\/?page_id=33"},"modified":"2020-12-17T16:19:52","modified_gmt":"2020-12-17T15:19:52","slug":"clarinette","status":"publish","type":"page","link":"https:\/\/ecole-musique-montfavet.fr\/index.php\/clarinette\/","title":{"rendered":"Clarinette"},"content":{"rendered":"\n<p> La <strong>clarinette<\/strong> (du proven\u00e7al <em>clarin<\/em> d\u00e9signant un hautbois<sup><a href=\"https:\/\/fr.wikipedia.org\/wiki\/Clarinette#cite_note-CNRTL-1\">1<\/a><\/sup>) est un instrument de musique \u00e0 vent de la famille des bois caract\u00e9ris\u00e9 par son anche simple et sa perce quasi cylindrique. Elle a \u00e9t\u00e9 cr\u00e9\u00e9e vers 1690 par Johann Christoph Denner (1655-1707) \u00e0 Nuremberg sur la base d&rsquo;un instrument \u00e0 anche simple plus ancien&nbsp;: le \u00ab&nbsp;chalumeau&nbsp;\u00bb. La clarinette soprano (en si\u266d) est le mod\u00e8le le plus commun. <\/p>\n\n\n\n<p><strong>Philippe Brouard<\/strong>, \u00e9galement directeur, l&rsquo;enseigne.<\/p>\n\n\n\n<div class=\"wp-block-image\"><figure class=\"alignright is-resized\"><img loading=\"lazy\" decoding=\"async\" src=\"http:\/\/ecolemu.cluster028.hosting.ovh.net\/wp-content\/uploads\/2020\/08\/pb-742x1024.jpg\" alt=\"\" class=\"wp-image-312\" width=\"295\" height=\"406\" srcset=\"https:\/\/ecole-musique-montfavet.fr\/wp-content\/uploads\/2020\/08\/pb-742x1024.jpg 742w, https:\/\/ecole-musique-montfavet.fr\/wp-content\/uploads\/2020\/08\/pb-217x300.jpg 217w, https:\/\/ecole-musique-montfavet.fr\/wp-content\/uploads\/2020\/08\/pb-768x1059.jpg 768w, https:\/\/ecole-musique-montfavet.fr\/wp-content\/uploads\/2020\/08\/pb.jpg 1668w\" sizes=\"auto, (max-width: 295px) 100vw, 295px\" \/><\/figure><\/div>\n\n\n\n<p>Apr\u00e8s ses \u00e9tudes musicales\npoursuivies au Conservatoire National de R\u00e9gion d\u2019Amiens, et ses m\u00e9dailles d\u2019or\nobtenues en Clarinette, Formation musicale et Musique de chambre, sa premi\u00e8re\nactivit\u00e9 professionnelle commence r\u00e9ellement en 1981 \u00e0 l\u2019\u00e2ge de 18 ans \u00bd, lors\ndu Service National, \u00e0 REIMS avec sa professionnalisationcomme clarinettiste et\ncadre dans un grand orchestre militaire.<\/p>\n\n\n\n<p>&nbsp;Pendant ces 4 ans \u00bd son activit\u00e9 sera alors\ntr\u00e8s intense avec, en parall\u00e8le, des \u00e9tudes de musicologie, cours de clarinette\net direction d\u2019orchestre dans des conservatoires parisiens, le poste de clarinette\nsolo au Grand Th\u00e9\u00e2tre de Reims et enfin la formation de sous-chef de Musique\ndes Arm\u00e9es.<\/p>\n\n\n\n<p>A l\u2019issue de celle-ci, il va\npourtant changer radicalement de voie pour s\u2019installer \u00e0 ORLEANS comme\nprofesseur d\u2019Education Musicale dans l\u2019Education Nationale. En 1987, Il\ns\u2019investira dans la cr\u00e9ation et la direction d\u2019une \u00e9cole de Musique avec un\norchestre d\u2019harmonie.<\/p>\n\n\n\n<p>Quelques temps apr\u00e8s, une\nnouvelle vocation s\u2019impose \u00e0 lui&nbsp;: mettre \u00e0 profit son exp\u00e9rience autour\nd\u2019une unique structure avec projets p\u00e9dagogiques originaux et innovants qu\u2019il\npr\u00e9sente aux \u00e9lus de diff\u00e9rentes villes. C\u2019est ainsi qu\u2019en 1993, il a alors 32\nans, qu\u2019il abandonne Orl\u00e9ans pour l\u2019Ecole de Musique d\u2019Avignon-Montfavet\n\u00ab&nbsp;l\u2019\u00e9cho Musical \u00ab&nbsp;qui le contacte, attir\u00e9 par son projet.<\/p>\n\n\n\n<p>Recrut\u00e9 par le Conservatoire\nd\u2019Avignon comme professeur\/coordonnateur d\u00e9tach\u00e9, le poste de directeur est\ncr\u00e9\u00e9 en 1996.&nbsp; Il s\u2019investit pleinement\npour restructurer l\u2019organisation de l\u2019\u00e9cole dont les effectifs sont \u00e0 l\u2019\u00e9poque d\u2019environ\n600 \u00e9l\u00e8ves.<\/p>\n\n\n\n<p>Il cr\u00e9e les classes de cordes en 2000, puis de nouveaux ensembles qui permettent d\u2019apporter une magnifique vie d\u2019\u00e9cole d\u00e9sormais reconnue et consid\u00e9r\u00e9e. En conservant toujours l\u2019enseignement de la clarinette et la direction des orchestres, Il se consacre \u00e0 l\u2019arrangement pour produire de grands projets p\u00e9dagogiques annuels avec les formations vents et cordes de l\u2019\u00e9cole. <\/p>\n\n\n\n<p>Aujourd\u2019hui, en 2020,malgr\u00e9 les difficult\u00e9s rencontr\u00e9es, cette belle dynamique peut continuer, alors qu\u2019il s\u2019est entour\u00e9 de jeunes et brillants professionnels. Il commence \u00e0 s\u2019orienter vers la pratique d\u2019autres instruments, \u00e0 la composition, et \u00e0 ouvrir son horizon \u00e0 de nouveaux contacts musicaux \u00e0 l\u2019\u00e9tranger.<\/p>\n\n\n\n<h4 class=\"wp-block-heading\" style=\"text-align:right\"><a href=\"http:\/\/ecolemu.cluster028.hosting.ovh.net\/index.php\/equipe-pedagogique\/\">Retour ><\/a><\/h4>\n","protected":false},"excerpt":{"rendered":"<p>La clarinette (du proven\u00e7al clarin d\u00e9signant un hautbois1) est un instrument de musique \u00e0 vent [&hellip;]<\/p>\n","protected":false},"author":1,"featured_media":197,"parent":0,"menu_order":0,"comment_status":"closed","ping_status":"closed","template":"","meta":{"footnotes":""},"class_list":["post-33","page","type-page","status-publish","has-post-thumbnail","hentry"],"_links":{"self":[{"href":"https:\/\/ecole-musique-montfavet.fr\/index.php\/wp-json\/wp\/v2\/pages\/33","targetHints":{"allow":["GET"]}}],"collection":[{"href":"https:\/\/ecole-musique-montfavet.fr\/index.php\/wp-json\/wp\/v2\/pages"}],"about":[{"href":"https:\/\/ecole-musique-montfavet.fr\/index.php\/wp-json\/wp\/v2\/types\/page"}],"author":[{"embeddable":true,"href":"https:\/\/ecole-musique-montfavet.fr\/index.php\/wp-json\/wp\/v2\/users\/1"}],"replies":[{"embeddable":true,"href":"https:\/\/ecole-musique-montfavet.fr\/index.php\/wp-json\/wp\/v2\/comments?post=33"}],"version-history":[{"count":11,"href":"https:\/\/ecole-musique-montfavet.fr\/index.php\/wp-json\/wp\/v2\/pages\/33\/revisions"}],"predecessor-version":[{"id":776,"href":"https:\/\/ecole-musique-montfavet.fr\/index.php\/wp-json\/wp\/v2\/pages\/33\/revisions\/776"}],"wp:featuredmedia":[{"embeddable":true,"href":"https:\/\/ecole-musique-montfavet.fr\/index.php\/wp-json\/wp\/v2\/media\/197"}],"wp:attachment":[{"href":"https:\/\/ecole-musique-montfavet.fr\/index.php\/wp-json\/wp\/v2\/media?parent=33"}],"curies":[{"name":"wp","href":"https:\/\/api.w.org\/{rel}","templated":true}]}}