{"id":17,"date":"2020-05-18T15:46:46","date_gmt":"2020-05-18T13:46:46","guid":{"rendered":"http:\/\/ecolemu.cluster028.hosting.ovh.net\/?page_id=17"},"modified":"2020-12-17T16:19:09","modified_gmt":"2020-12-17T15:19:09","slug":"notre-histoire","status":"publish","type":"page","link":"https:\/\/ecole-musique-montfavet.fr\/index.php\/notre-histoire\/","title":{"rendered":"Notre histoire"},"content":{"rendered":"\n<p><strong><em>Notre institution\u2026<\/em><\/strong><\/p>\n\n\n\n<p>L\u2019\u00e9cole de musique\nd\u2019Avignon-Montfavet \u00ab&nbsp;L\u2019ECHO MUSICAL&nbsp;\u00bb est une \u00e9cole associative\nadministr\u00e9e par un Conseil d\u2019administration compos\u00e9 de personnes b\u00e9n\u00e9voles. <\/p>\n\n\n\n<p>Le fonctionnement g\u00e9n\u00e9ral administratif et artistique est confi\u00e9 \u00e0 un directeur Philippe BROUARD qui est \u00e9galement membre de l\u2019\u00e9quipe enseignante.<\/p>\n\n\n\n<div class=\"wp-block-image\"><figure class=\"aligncenter is-resized\"><img loading=\"lazy\" decoding=\"async\" src=\"http:\/\/ecolemu.cluster028.hosting.ovh.net\/wp-content\/uploads\/2020\/11\/hiclipart.com-10.png\" alt=\"\" class=\"wp-image-735\" width=\"123\" height=\"123\" srcset=\"https:\/\/ecole-musique-montfavet.fr\/wp-content\/uploads\/2020\/11\/hiclipart.com-10.png 800w, https:\/\/ecole-musique-montfavet.fr\/wp-content\/uploads\/2020\/11\/hiclipart.com-10-150x150.png 150w, https:\/\/ecole-musique-montfavet.fr\/wp-content\/uploads\/2020\/11\/hiclipart.com-10-300x300.png 300w, https:\/\/ecole-musique-montfavet.fr\/wp-content\/uploads\/2020\/11\/hiclipart.com-10-768x768.png 768w\" sizes=\"auto, (max-width: 123px) 100vw, 123px\" \/><\/figure><\/div>\n\n\n\n<p><strong><em>Quelques \u00e9l\u00e9ments historiques de \u00ab&nbsp;L\u2019\u00c9CHO MUSICAL&nbsp;\u00bb\u2026.<\/em><\/strong><\/p>\n\n\n\n<p>Tout\ncommence par la Musique de l\u2019H\u00f4pital de Mondevergue en 1937&nbsp;: l\u2019Association,\nqui est la plus ancienne du quartier de Montfavet, prend v\u00e9ritablement forme en\nMars 1956, avec les statuts adopt\u00e9s par l\u2019ensemble des musiciens dont un noyau\nse reforme. <\/p>\n\n\n\n<p>Elle devient\nalors \u00ab&nbsp;Echo musical de Montfavet&nbsp;\u00bb.<\/p>\n\n\n\n<p>En 1957, le\npremier concert est donn\u00e9. L\u2019\u00e9cole de Musique accueille alors 90 \u00e9l\u00e8ves. L\u2019Association\ndispose d\u2019une \u00e9cole de musique et d\u2019un orchestre d\u2019harmonie.<\/p>\n\n\n\n<p>-1969&nbsp;:\nL\u2019Echo musical tombe en sommeil, en particulier \u00e0 la suite du d\u00e9part du Chef de\nmusique, pour raisons de sant\u00e9.<\/p>\n\n\n\n<p>-1971&nbsp;:\nun nouveau bureau se reforme autour de M. Gr\u00e9goire METAXIAN, alors\npr\u00e9sident&nbsp;; les cours de formation musicale et d\u2019instrument reprennent.<\/p>\n\n\n\n<p>-Etape\nimportante&nbsp;: octobre 1980&nbsp;: l\u2019\u00e9cole devient l\u2019un des ateliers\nmusicaux du Conservatoire National d\u2019Avignon, sous l\u2019impulsion de M. TADDEI,\nAdjoint aux Affaires Culturelles de la Ville. Des professeurs sont d\u00e9tach\u00e9s \u00e0\nl\u2019Echo musical.<\/p>\n\n\n\n<p>-1982&nbsp;:\ninstallation de l\u2019Ecole de Musique dans le b\u00e2timent de la Maison des\nAssociations, place Marcel Laty \u00e0 Montfavet, ce qui favorise une v\u00e9ritable\nexplosion des effectifs.<\/p>\n\n\n\n<p>-1986&nbsp;:\nL\u2019Echo Musical est alors dirig\u00e9 par un Conseil d\u2019Administration de 15 membres.\n12 professeurs de musique dont 6 pris en charge par la Ville assurent\nl\u2019enseignement pour 340 \u00e9l\u00e8ves\/Classes.<\/p>\n\n\n\n<div class=\"wp-block-image\"><figure class=\"alignright is-resized\"><img loading=\"lazy\" decoding=\"async\" src=\"http:\/\/ecolemu.cluster028.hosting.ovh.net\/wp-content\/uploads\/2020\/11\/hiclipart.com_.png\" alt=\"\" class=\"wp-image-685\" width=\"197\" height=\"210\" srcset=\"https:\/\/ecole-musique-montfavet.fr\/wp-content\/uploads\/2020\/11\/hiclipart.com_.png 560w, https:\/\/ecole-musique-montfavet.fr\/wp-content\/uploads\/2020\/11\/hiclipart.com_-281x300.png 281w\" sizes=\"auto, (max-width: 197px) 100vw, 197px\" \/><\/figure><\/div>\n\n\n\n<p>-1988&nbsp;:\nCr\u00e9ation de la Fanfare \u00e0 cheval, (unique dans le domaine civil) par une\nconvention tripartite entre le Cercle des Amis du Cheval et le Club du Lozet.\nCette belle formation sera h\u00e9las dissoute peu avant l\u2019an 2000 faute de\ncavaliers\/musiciens.<\/p>\n\n\n\n<p>-1993&nbsp;:\nMise en place d\u2019une coordination p\u00e9dagogique face \u00e0 une nouvelle mont\u00e9e\nimportante des effectifs (600 \u00e9l\u00e8ves\/classes environ) et \u00e0 une n\u00e9cessit\u00e9\nd\u2019organisation plus rigoureuse&nbsp;: arriv\u00e9e de notre actuel directeur pour\nprendre en charge la restructuration et la direction de l\u2019\u00e9cole de Musique ainsi\nque la direction musicale de l\u2019orchestre d\u2019harmonie, M. Philippe BROUARD.<\/p>\n\n\n\n<p>-1997&nbsp;:\nLa Mairie d\u2019Avignon ne pouvant plus dans un cadre l\u00e9gal continuer \u00e0 mettre \u00e0\ndisposition de l\u2019Association des professeurs \u00ab&nbsp;contractuels&nbsp;\u00bb\nd\u00e9tach\u00e9s, une convention de subvention est sign\u00e9e sur la base des salaires de\nces personnels, afin que ceux-ci puissent \u00eatre pris en charge directement par\nl\u2019\u00e9cole. <\/p>\n\n\n\n<p>Celle-ci\ndevient alors auto-gestionnaire de ces personnels \u00e0 l\u2019exception d\u2019un professeur\ntitulaire qui reste mis \u00e0 disposition.<\/p>\n\n\n\n<p>-2000&nbsp;:\ncr\u00e9ation des classes de cordes et de nouveaux ensembles, ce qui porte \u00e0 5 le\nnombre d\u2019orchestres avec le groupe musiques actuelles, auxquels il faut ajouter\nune grande chorale \u00e0 r\u00e9pertoire classique.<\/p>\n\n\n\n<p>2016&nbsp;:\nl\u2019\u00e9cole adh\u00e8re au r\u00e9seau des Ecoles Associ\u00e9es du Conservatoire \u00e0 Rayonnement\nR\u00e9gional du Grand Avignon.<\/p>\n\n\n\n<p>-2019&nbsp;:\nun nouveau Conseil d\u2019Administration se reforme autour de Mme Am\u00e9lie RICARD qui\nreprend le poste de pr\u00e9sident.<\/p>\n\n\n\n<p><strong><em>Vocation et objectifs de l\u2019\u00e9cole\u2026<\/em><\/strong><\/p>\n\n\n\n<div class=\"wp-block-image\"><figure class=\"alignleft is-resized\"><img loading=\"lazy\" decoding=\"async\" src=\"http:\/\/ecolemu.cluster028.hosting.ovh.net\/wp-content\/uploads\/2020\/11\/violin-2-1-683x1024.png\" alt=\"\" class=\"wp-image-684\" width=\"227\" height=\"340\" srcset=\"https:\/\/ecole-musique-montfavet.fr\/wp-content\/uploads\/2020\/11\/violin-2-1-683x1024.png 683w, https:\/\/ecole-musique-montfavet.fr\/wp-content\/uploads\/2020\/11\/violin-2-1-200x300.png 200w, https:\/\/ecole-musique-montfavet.fr\/wp-content\/uploads\/2020\/11\/violin-2-1-768x1152.png 768w, https:\/\/ecole-musique-montfavet.fr\/wp-content\/uploads\/2020\/11\/violin-2-1.png 2000w\" sizes=\"auto, (max-width: 227px) 100vw, 227px\" \/><\/figure><\/div>\n\n\n\n<p>L\u2019\u00e9cole, qui\naccueille enfants et adultes sans limite d\u2019\u00e2ge, \u00e0 pour vocation d\u2019\u00eatre\naccessible au plus grand nombre et d\u2019allier qualit\u00e9 et dimension humaine.<\/p>\n\n\n\n<p>Il est\norganis\u00e9 un parcours complet, en 3 cycles et dipl\u00f4mant, avec \u00e9valuations et\nexamens de fin d\u2019ann\u00e9e, permettant de b\u00e9n\u00e9ficier d\u2019un enseignement structur\u00e9, qui\npeut former \u00e0 terme des musiciens amateurs d\u2019excellent niveau. <\/p>\n\n\n\n<p>Ceux-ci ont la possibilit\u00e9 s\u2019ils le souhaitent d\u2019int\u00e9grer ensuite le Conservatoire \u00e0 Rayonnement R\u00e9gional du Grand Avignon.<\/p>\n\n\n\n<p>Mais il y a,\n\u00e0 consid\u00e9ration \u00e9gale, la proposition de parcours personnalis\u00e9s qui permettent\n\u00e0 chacun de venir pratiquer la musique librement et de b\u00e9n\u00e9ficier de l\u2019encadrement\nde professionnels sans obligatoirement passer par les \u00e9valuations et examens.<\/p>\n\n\n\n<p>Qui veut\npratiquer la musique trouve donc forc\u00e9ment une formule d\u2019apprentissage ad\u00e9quate\n\u00e0 son projet dans notre structure.<\/p>\n\n\n\n<p>Dans tous\nles cas, quelque soit le parcours choisi, la vie de l\u2019\u00e9cole trouve sa plus\ngrande dynamique au niveau de la pratique collective (compl\u00e9mentaire et\nindispensable aux cours individuels), au travers des nombreux ensembles, qui\npermettent aux musiciens de s\u2019\u00e9panouir pleinement.<\/p>\n","protected":false},"excerpt":{"rendered":"<p>Notre institution\u2026 L\u2019\u00e9cole de musique d\u2019Avignon-Montfavet \u00ab&nbsp;L\u2019ECHO MUSICAL&nbsp;\u00bb est une \u00e9cole associative administr\u00e9e par un [&hellip;]<\/p>\n","protected":false},"author":1,"featured_media":189,"parent":0,"menu_order":0,"comment_status":"closed","ping_status":"closed","template":"","meta":{"footnotes":""},"class_list":["post-17","page","type-page","status-publish","has-post-thumbnail","hentry"],"_links":{"self":[{"href":"https:\/\/ecole-musique-montfavet.fr\/index.php\/wp-json\/wp\/v2\/pages\/17","targetHints":{"allow":["GET"]}}],"collection":[{"href":"https:\/\/ecole-musique-montfavet.fr\/index.php\/wp-json\/wp\/v2\/pages"}],"about":[{"href":"https:\/\/ecole-musique-montfavet.fr\/index.php\/wp-json\/wp\/v2\/types\/page"}],"author":[{"embeddable":true,"href":"https:\/\/ecole-musique-montfavet.fr\/index.php\/wp-json\/wp\/v2\/users\/1"}],"replies":[{"embeddable":true,"href":"https:\/\/ecole-musique-montfavet.fr\/index.php\/wp-json\/wp\/v2\/comments?post=17"}],"version-history":[{"count":6,"href":"https:\/\/ecole-musique-montfavet.fr\/index.php\/wp-json\/wp\/v2\/pages\/17\/revisions"}],"predecessor-version":[{"id":775,"href":"https:\/\/ecole-musique-montfavet.fr\/index.php\/wp-json\/wp\/v2\/pages\/17\/revisions\/775"}],"wp:featuredmedia":[{"embeddable":true,"href":"https:\/\/ecole-musique-montfavet.fr\/index.php\/wp-json\/wp\/v2\/media\/189"}],"wp:attachment":[{"href":"https:\/\/ecole-musique-montfavet.fr\/index.php\/wp-json\/wp\/v2\/media?parent=17"}],"curies":[{"name":"wp","href":"https:\/\/api.w.org\/{rel}","templated":true}]}}